{"id":23123,"date":"2025-10-28T15:33:35","date_gmt":"2025-10-28T14:33:35","guid":{"rendered":"https:\/\/www.granhotelbali.com\/contact\/"},"modified":"2026-04-08T15:07:56","modified_gmt":"2026-04-08T13:07:56","slug":"contact","status":"publish","type":"page","link":"https:\/\/www.granhotelbali.com\/fr\/contact\/","title":{"rendered":"Contact"},"content":{"rendered":"\t\t<div data-elementor-type=\"wp-page\" data-elementor-id=\"23123\" class=\"elementor elementor-23123 elementor-20549\" data-elementor-post-type=\"page\">\n\t\t\t\t        <section class=\"elementor-section elementor-top-section elementor-element elementor-element-7790f037 selector-fechas elementor-section-boxed elementor-section-height-default elementor-section-height-default pxl-section-static-pos-no pxl-section-overflow-hidden-no pxl-container-margin-auto-no\" data-id=\"7790f037\" data-element_type=\"section\">\n\n                \n                <div class=\"elementor-container elementor-column-gap-default \">\n                <div class=\"elementor-column elementor-col-100 elementor-top-column elementor-element elementor-element-1e67bbca col-offset-none pxl-column-element-default pxl-column-overflow-hidden-no\" data-id=\"1e67bbca\" data-element_type=\"column\">\r\n        <div class=\"elementor-widget-wrap elementor-element-populated\">\r\n                    \t\t<div class=\"elementor-element elementor-element-3328a66 elementor-widget elementor-widget-shortcode\" data-id=\"3328a66\" data-element_type=\"widget\" data-widget_type=\"shortcode.default\">\n\t\t\t\t\t\t\t<div class=\"elementor-shortcode\">    <div class=\"contenedorReserva\">\n        <div class=\"contentReserva\">\n\n            <form id=\"formureservas\" method=\"post\" name=\"formureservas\" action=\"\">\n\n                                        <input name=\"hotel\" value=\"granhotelbali\" type=\"hidden\" id=\"idHotel\">\n                        \n                <div id=\"sandbox-container\">\n                    <div class=\"input-daterange input-group\" id=\"datepicker\">\n                        <div class=\"campos\">\n                            <input type=\"text\" class=\"input-sm form-control\"\n                                name=\"entrada\"\n                                id=\"diallegada\"\n                                placeholder=\"Enregistrement\"\n                                size=\"14\"\n                                readonly=\"true\"\n                            >\n                        <\/div>\n                        <div class=\"campos\">\n                            <input type=\"text\" class=\"input-sm form-control\"\n                                name=\"salida\"\n                                id=\"diasalida\"\n                                placeholder=\"V\u00e9rifier\"\n                                size=\"14\"\n                                readonly=\"true\"\n                            >\n                        <\/div>\n                        <div class=\"campos\">\n                            <select name=\"adultos\" id=\"adultos\">\n                                <option value=\"\" disabled selected>Adultes<\/option>\n                                <option value=\"0\">0<\/option>\n                                <option value=\"1\">1<\/option>\n                                <option value=\"2\">2<\/option>\n                                <option value=\"3\">3<\/option>\n                                <option value=\"4\">4<\/option>\n                            <\/select>\n                        <\/div>\n                        <div class=\"campos\">\n                            <select name=\"ninos\" id=\"children\">\n                                <option value=\"\" disabled selected>Enfants<\/option>\n                                <option value=\"0\">0<\/option>\n                                <option value=\"1\">1<\/option>\n                                <option value=\"2\">2<\/option>\n                                <option value=\"3\">3<\/option>\n                                <option value=\"4\">4<\/option>\n                            <\/select>\n                        <\/div>\n                    <\/div>\n                <\/div>\n\n                <div id=\"edad-container-mv\"> <div class=\"clearfix\"> <\/div><\/div>\n\n                <div class=\"campo_promo\">\n                    <input type=\"text\"\n                        name=\"codpromo\"\n                        id=\"promo_code\"\n                        placeholder=\"Code promotionnel\"\n                    >\n                <\/div>\n\n                <input type=\"hidden\" id=\"idioma\" value=\"fr\">\n                <div class=\"bt_enviar\">\n<!--                     <input type=\"submit\" value=\"R\u00e9servation\" name=\"bt_formureservas\" class=\"wpcf7-form-control wpcf7-submit\" id=\"enviarReservas\"> -->\n                    <button type=\"submit\" name=\"bt_formureservas\" class=\"wpcf7-form-control wpcf7-submit\" id=\"enviarReservas\">\n                        <span class=\"imagen\"><\/span>\n                        R\u00e9servation                    <\/button>\n                <\/div>\n\n                <div id=\"edad-container-dk\">\n                <div class=\"edad_ninos\">\n                    <div class=\"edad1 hidden\">\n                        <select class=\"salto 1_edad_1\">\n                                <option value=\"\">Children 1 age<\/option>\n                                <option value=\"1\">1 year<\/option>\n                                <option value=\"2\">2 years<\/option>\n                                <option value=\"3\">3 years<\/option>\n                                <option value=\"4\">4 years<\/option>\n                                <option value=\"5\">5 years<\/option>\n                                <option value=\"6\">6 years<\/option>\n                                <option value=\"7\">7 years<\/option>\n                                <option value=\"8\">8 years<\/option>\n                                <option value=\"9\">9 years<\/option>\n                                <option value=\"10\">10 years<\/option>\n                                <option value=\"11\">11 years<\/option>\n                                <option value=\"12\">12 years<\/option>\n                        <\/select>\n                    <\/div>\n                    <div class=\"edad2 hidden\">\n                        <select class=\"salto 2_edad_1\">\n                                <option value=\"\">Children 1 age<\/option>\n                                <option value=\"1\">1 year<\/option>\n                                <option value=\"2\">2 years<\/option>\n                                <option value=\"3\">3 years<\/option>\n                                <option value=\"4\">4 years<\/option>\n                                <option value=\"5\">5 years<\/option>\n                                <option value=\"6\">6 years<\/option>\n                                <option value=\"7\">7 years<\/option>\n                                <option value=\"8\">8 years<\/option>\n                                <option value=\"9\">9 years<\/option>\n                                <option value=\"10\">10 years<\/option>\n                                <option value=\"11\">11 years<\/option>\n                                <option value=\"12\">12 years<\/option>\n                        <\/select>\n                        <select class=\"2_edad_2\">\n                                <option value=\"\">Children 2 age<\/option>\n                                <option value=\"1\">1 year<\/option>\n                                <option value=\"2\">2 years<\/option>\n                                <option value=\"3\">3 years<\/option>\n                                <option value=\"4\">4 years<\/option>\n                                <option value=\"5\">5 years<\/option>\n                                <option value=\"6\">6 years<\/option>\n                                <option value=\"7\">7 years<\/option>\n                                <option value=\"8\">8 years<\/option>\n                                <option value=\"9\">9 years<\/option>\n                                <option value=\"10\">10 years<\/option>\n                                <option value=\"11\">11 years<\/option>\n                                <option value=\"12\">12 years<\/option>\n                        <\/select>\n                    <\/div>\n                    <div class=\"edad3 hidden\">\n                        <select class=\"salto 3_edad_1\">\n                                <option value=\"\">Children 1 age<\/option>\n                                <option value=\"1\">1 year<\/option>\n                                <option value=\"2\">2 years<\/option>\n                                <option value=\"3\">3 years<\/option>\n                                <option value=\"4\">4 years<\/option>\n                                <option value=\"5\">5 years<\/option>\n                                <option value=\"6\">6 years<\/option>\n                                <option value=\"7\">7 years<\/option>\n                                <option value=\"8\">8 years<\/option>\n                                <option value=\"9\">9 years<\/option>\n                                <option value=\"10\">10 years<\/option>\n                                <option value=\"11\">11 years<\/option>\n                                <option value=\"12\">12 years<\/option>\n                        <\/select>\n                        <select class=\"3_edad_2\">\n                                <option value=\"\">Children 2 age<\/option>\n                                <option value=\"1\">1 year<\/option>\n                                <option value=\"2\">2 years<\/option>\n                                <option value=\"3\">3 years<\/option>\n                                <option value=\"4\">4 years<\/option>\n                                <option value=\"5\">5 years<\/option>\n                                <option value=\"6\">6 years<\/option>\n                                <option value=\"7\">7 years<\/option>\n                                <option value=\"8\">8 years<\/option>\n                                <option value=\"9\">9 years<\/option>\n                                <option value=\"10\">10 years<\/option>\n                                <option value=\"11\">11 years<\/option>\n                                <option value=\"12\">12 years<\/option>\n                        <\/select>\n                        <select class=\"3_edad_3\">\n                                <option value=\"\">Children 3 age<\/option>\n                                <option value=\"1\">1 year<\/option>\n                                <option value=\"2\">2 years<\/option>\n                                <option value=\"3\">3 years<\/option>\n                                <option value=\"4\">4 years<\/option>\n                                <option value=\"5\">5 years<\/option>\n                                <option value=\"6\">6 years<\/option>\n                                <option value=\"7\">7 years<\/option>\n                                <option value=\"8\">8 years<\/option>\n                                <option value=\"9\">9 years<\/option>\n                                <option value=\"10\">10 years<\/option>\n                                <option value=\"11\">11 years<\/option>\n                                <option value=\"12\">12 years<\/option>\n                        <\/select>\n                    <\/div>\n                    <div class=\"edad4 hidden\">\n                        <select class=\"salto 4_edad_1\">\n                                <option value=\"\">Children 1 age<\/option>\n                                <option value=\"1\">1 year<\/option>\n                                <option value=\"2\">2 years<\/option>\n                                <option value=\"3\">3 years<\/option>\n                                <option value=\"4\">4 years<\/option>\n                                <option value=\"5\">5 years<\/option>\n                                <option value=\"6\">6 years<\/option>\n                                <option value=\"7\">7 years<\/option>\n                                <option value=\"8\">8 years<\/option>\n                                <option value=\"9\">9 years<\/option>\n                                <option value=\"10\">10 years<\/option>\n                                <option value=\"11\">11 years<\/option>\n                                <option value=\"12\">12 years<\/option>\n                        <\/select>\n                        <select class=\"4_edad_2\">\n                                <option value=\"\">Children 2 age<\/option>\n                                <option value=\"1\">1 year<\/option>\n                                <option value=\"2\">2 years<\/option>\n                                <option value=\"3\">3 years<\/option>\n                                <option value=\"4\">4 years<\/option>\n                                <option value=\"5\">5 years<\/option>\n                                <option value=\"6\">6 years<\/option>\n                                <option value=\"7\">7 years<\/option>\n                                <option value=\"8\">8 years<\/option>\n                                <option value=\"9\">9 years<\/option>\n                                <option value=\"10\">10 years<\/option>\n                                <option value=\"11\">11 years<\/option>\n                                <option value=\"12\">12 years<\/option>\n                        <\/select>\n                        <select class=\"4_edad_3\">\n                                <option value=\"\">Children 3 age<\/option>\n                                <option value=\"1\">1 year<\/option>\n                                <option value=\"2\">2 years<\/option>\n                                <option value=\"3\">3 years<\/option>\n                                <option value=\"4\">4 years<\/option>\n                                <option value=\"5\">5 years<\/option>\n                                <option value=\"6\">6 years<\/option>\n                                <option value=\"7\">7 years<\/option>\n                                <option value=\"8\">8 years<\/option>\n                                <option value=\"9\">9 years<\/option>\n                                <option value=\"10\">10 years<\/option>\n                                <option value=\"11\">11 years<\/option>\n                                <option value=\"12\">12 years<\/option>\n                        <\/select>\n                        <select class=\"4_edad_4\">\n                                <option value=\"\">Children 4 age<\/option>\n                                <option value=\"1\">1 year<\/option>\n                                <option value=\"2\">2 years<\/option>\n                                <option value=\"3\">3 years<\/option>\n                                <option value=\"4\">4 years<\/option>\n                                <option value=\"5\">5 years<\/option>\n                                <option value=\"6\">6 years<\/option>\n                                <option value=\"7\">7 years<\/option>\n                                <option value=\"8\">8 years<\/option>\n                                <option value=\"9\">9 years<\/option>\n                                <option value=\"10\">10 years<\/option>\n                                <option value=\"11\">11 years<\/option>\n                                <option value=\"12\">12 years<\/option>\n                        <\/select>\n                    <\/div>\n\n                <\/div>\n                <div class=\"clearfix\"> <\/div>\n                <\/div>\n\n            <\/form>\n\n            \n        <\/div>\n    <\/div>\n    <\/div>\n\t\t\t\t\t\t<\/div>\n\t\t                    <\/div>\r\n        <\/div>\r\n        \t\t\t<\/div>\n\t\t<\/section>\n\t\t        <section class=\"elementor-section elementor-top-section elementor-element elementor-element-69b5f791 elementor-section-full_width elementor-section-content-middle elementor-section-height-default elementor-section-height-default pxl-section-offset-none pxl-section-static-pos-no pxl-section-overflow-hidden-no pxl-container-margin-auto-no\" data-id=\"69b5f791\" data-element_type=\"section\">\n\n                \n                <div class=\"elementor-container elementor-column-gap-no \">\n                <div class=\"elementor-column elementor-col-50 elementor-top-column elementor-element elementor-element-3cd015a0 col-offset-none pxl-column-element-default pxl-column-overflow-hidden-no\" data-id=\"3cd015a0\" data-element_type=\"column\">\r\n        <div class=\"elementor-widget-wrap elementor-element-populated\">\r\n                    \t\t<div class=\"elementor-element elementor-element-6f3a1be9 elementor-widget elementor-widget-google_maps\" data-id=\"6f3a1be9\" data-element_type=\"widget\" data-widget_type=\"google_maps.default\">\n\t\t\t\t\t\t\t<div class=\"elementor-custom-embed\">\n\t\t\t<iframe loading=\"lazy\"\n\t\t\t\t\tsrc=\"https:\/\/maps.google.com\/maps?q=C.%20del%20Actor%20Luis%20Prendes%2C%204%2C%2003502%2C%20Benidorm%2C%20Espa%C3%B1a&#038;t=m&#038;z=15&#038;output=embed&#038;iwloc=near\"\n\t\t\t\t\ttitle=\"C. del Actor Luis Prendes, 4, 03502, Benidorm, Espa\u00f1a\"\n\t\t\t\t\taria-label=\"C. del Actor Luis Prendes, 4, 03502, Benidorm, Espa\u00f1a\"\n\t\t\t><\/iframe>\n\t\t<\/div>\n\t\t\t\t\t\t<\/div>\n\t\t                    <\/div>\r\n        <\/div>\r\n                <div class=\"elementor-column elementor-col-50 elementor-top-column elementor-element elementor-element-60a38462 col-offset-none pxl-column-element-default pxl-column-overflow-hidden-no\" data-id=\"60a38462\" data-element_type=\"column\">\r\n        <div class=\"elementor-widget-wrap elementor-element-populated\">\r\n                    \t\t<div class=\"elementor-element elementor-element-5b03651b elementor-invisible pxl-elementor-animate elementor-widget elementor-widget-pxl_heading\" data-id=\"5b03651b\" data-element_type=\"widget\" data-settings=\"{&quot;_animation&quot;:&quot;fadeInUp&quot;,&quot;title_custom_effect&quot;:&quot;none&quot;}\" data-widget_type=\"pxl_heading.default\">\n\t\t\t\t<div class=\"elementor-widget-container\">\n\t\t\t\t\t<div class=\"pxl-heading-wrap d-flex\">\n    <div class=\"pxl-heading-inner  \">\n                <h2 class=\"heading-title\">\n                                    Avez-vous des questions ? Contactez-nous                     <\/h2>\n            <\/div>\n<\/div>\n\n\t\t\t\t<\/div>\n\t\t\t\t<\/div>\n\t\t\t\t<div class=\"elementor-element elementor-element-5f87f81c elementor-invisible pxl-elementor-animate elementor-widget elementor-widget-pxl_text_editor\" data-id=\"5f87f81c\" data-element_type=\"widget\" data-settings=\"{&quot;_animation&quot;:&quot;fadeInUp&quot;}\" data-widget_type=\"pxl_text_editor.default\">\n\t\t\t\t<div class=\"elementor-widget-container\">\n\t\t\t\t\t<div id=\"pxl_text_editor-5f87f81c-6485\" class=\"pxl-text-editor-wrap d-flex \" >\n\t<div class=\"pxl-text-editor elementor-clearfix\">\n\t\t<p>Nous nous ferons un plaisir de vous r\u00e9pondre dans les plus brefs d\u00e9lais.<\/p><p>Nous nous engageons \u00e0 vous offrir le meilleur service possible, c\u2019est pourquoi nous mettons \u00e0 votre disposition diff\u00e9rents canaux de communication pour que vous puissiez choisir celui qui correspond le mieux \u00e0 vos besoins.<\/p><p>Si vous avez besoin d\u2019une assistance imm\u00e9diate, notre \u00e9quipe de service \u00e0 la client\u00e8le est disponible 24 heures sur 24, 7 jours sur 7. Vous pouvez les contacter via notre num\u00e9ro de t\u00e9l\u00e9phone ou par e-mail, et ils se feront un plaisir de vous aider pour tout ce dont vous avez besoin.<\/p><p>De plus, si vous souhaitez des informations sur nos tarifs et promotions, notre \u00e9quipe de r\u00e9servation vous fournira une attention personnalis\u00e9e et vous conseillera sur tout ce dont vous avez besoin pour profiter d\u2019un s\u00e9jour parfait au Gran Hotel Bali.<\/p>\t\t\n\t<\/div>\n<\/div>\t\t\t\t<\/div>\n\t\t\t\t<\/div>\n\t\t\t\t<div class=\"elementor-element elementor-element-3244167 elementor-widget elementor-widget-heading\" data-id=\"3244167\" data-element_type=\"widget\" data-widget_type=\"heading.default\">\n\t\t\t\t\t<h3 class=\"elementor-heading-title elementor-size-default\">Contactez-nous<\/h3>\t\t\t\t<\/div>\n\t\t\t\t<div class=\"elementor-element elementor-element-5761f52b elementor-hidden-mobile_extra elementor-hidden-mobile pxl-contact-info-layout-1 elementor-invisible pxl-elementor-animate elementor-widget elementor-widget-pxl_contact_info\" data-id=\"5761f52b\" data-element_type=\"widget\" data-settings=\"{&quot;_animation&quot;:&quot;fadeInUp&quot;}\" data-widget_type=\"pxl_contact_info.default\">\n\t\t\t\t<div class=\"elementor-widget-container\">\n\t\t\t\t\t<div class=\"pxl-ci-wrap layout-1 relative \">\r\n\t<div class=\"ci-content-wrap d-flex align-items-center\">\r\n\t\t            <div class=\"ci-icon\">\r\n                <span aria-hidden=\"true\" class=\"pxl-icon fat fa-map-marker-alt\"><\/span>            <\/div>\r\n        \t\t<div class=\"ci-content\">\r\n\t\t\t\t\t\t\t<h4 class=\"ci-title\">Notre emplacement<\/h4> \r\n\t\t\t\t\t\t\t\t\t\t<div class=\"ci-desc\">C. del Actor Luis Prendes, 4, 03502, Benidorm, Espa\u00f1a<\/div> \r\n\t\t\t\t\t\t\t\t<\/div>\r\n\t<\/div>\r\n<\/div>\t\t\t\t<\/div>\n\t\t\t\t<\/div>\n\t\t\t\t<div class=\"elementor-element elementor-element-420eadf5 elementor-hidden-mobile_extra elementor-hidden-mobile pxl-contact-info-layout-1 elementor-invisible pxl-elementor-animate elementor-widget elementor-widget-pxl_contact_info\" data-id=\"420eadf5\" data-element_type=\"widget\" data-settings=\"{&quot;_animation&quot;:&quot;fadeInUp&quot;}\" data-widget_type=\"pxl_contact_info.default\">\n\t\t\t\t<div class=\"elementor-widget-container\">\n\t\t\t\t\t<div class=\"pxl-ci-wrap layout-1 relative \">\r\n\t<div class=\"ci-content-wrap d-flex align-items-center\">\r\n\t\t            <div class=\"ci-icon\">\r\n                <span aria-hidden=\"true\" class=\"pxl-icon cmli cmli-noun-bell\"><\/span>            <\/div>\r\n        \t\t<div class=\"ci-content\">\r\n\t\t\t\t\t\t\t<h4 class=\"ci-title\">R\u00e9servations<\/h4> \r\n\t\t\t\t\t\t\t\t\t\t<div class=\"ci-desc\"><a href=\"tel:+34 966 81 36 12\"><strong>+34 966 81 36 12<\/strong><\/a> \/ <a href=\"tel:+34 966 81 52 00\">+34 966 81 52 00<\/a><br \/>\nE-mail: <a href=\"mailto: reservas@grupobali.com\"><strong> reservas@grupobali.com<\/strong><\/a><\/div> \r\n\t\t\t\t\t\t\t\t<\/div>\r\n\t<\/div>\r\n<\/div>\t\t\t\t<\/div>\n\t\t\t\t<\/div>\n\t\t\t\t<div class=\"elementor-element elementor-element-3366f57a elementor-hidden-mobile_extra elementor-hidden-mobile pxl-contact-info-layout-1 elementor-invisible pxl-elementor-animate elementor-widget elementor-widget-pxl_contact_info\" data-id=\"3366f57a\" data-element_type=\"widget\" data-settings=\"{&quot;_animation&quot;:&quot;fadeInUp&quot;}\" data-widget_type=\"pxl_contact_info.default\">\n\t\t\t\t<div class=\"elementor-widget-container\">\n\t\t\t\t\t<div class=\"pxl-ci-wrap layout-1 relative \">\r\n\t<div class=\"ci-content-wrap d-flex align-items-center\">\r\n\t\t            <div class=\"ci-icon\">\r\n                <span aria-hidden=\"true\" class=\"pxl-icon cmli cmli-noun-talk\"><\/span>            <\/div>\r\n        \t\t<div class=\"ci-content\">\r\n\t\t\t\t\t\t\t<h4 class=\"ci-title\">R\u00e9seau Social<\/h4> \r\n\t\t\t\t\t\t\t\t\t\t<div class=\"ci-desc\">Restez en contact et suivez-nous sur les r\u00e9seaux sociaux<\/div> \r\n\t\t\t\t\t\t\t\t\t\t<div class=\"ci-social d-flex margin gx-12\">\r\n\t\t\t\t<a aria-hidden=\"true\" class=\"social-item pxl-icon fab fa-facebook-f\" href=\"https:\/\/www.facebook.com\/granhotelbali\" target=\"_blank\"><\/a><a aria-hidden=\"true\" class=\"social-item pxl-icon fab fa-twitter\" href=\"https:\/\/x.com\/granhotelbali\" target=\"_blank\"><\/a><a aria-hidden=\"true\" class=\"social-item pxl-icon fab fa-youtube\" href=\"https:\/\/www.youtube.com\/channel\/UC93u51w-VW12wRIWPMlIKHA\" target=\"_blank\"><\/a><a aria-hidden=\"true\" class=\"social-item pxl-icon fab fa-instagram\" href=\"https:\/\/www.instagram.com\/granhotelbalibenidorm\/?hl=es\" target=\"_blank\"><\/a>\t\t\t\t<\/div>\r\n\t\t\t\t\t<\/div>\r\n\t<\/div>\r\n<\/div>\t\t\t\t<\/div>\n\t\t\t\t<\/div>\n\t\t\t\t<div class=\"elementor-element elementor-element-b8d42e9 elementor-hidden-desktop elementor-hidden-laptop elementor-hidden-tablet_extra elementor-hidden-tablet elementor-view-default elementor-position-block-start elementor-mobile-position-block-start elementor-widget elementor-widget-icon-box\" data-id=\"b8d42e9\" data-element_type=\"widget\" data-widget_type=\"icon-box.default\">\n\t\t\t\t\t\t\t<div class=\"elementor-icon-box-wrapper\">\n\n\t\t\t\t\t\t<div class=\"elementor-icon-box-icon\">\n\t\t\t\t<span  class=\"elementor-icon\">\n\t\t\t\t<i aria-hidden=\"true\" class=\"fat fa-map-marker-alt\"><\/i>\t\t\t\t<\/span>\n\t\t\t<\/div>\n\t\t\t\n\t\t\t\t\t\t<div class=\"elementor-icon-box-content\">\n\n\t\t\t\t\t\t\t\t\t<h3 class=\"elementor-icon-box-title\">\n\t\t\t\t\t\t<span  >\n\t\t\t\t\t\t\tNotre emplacement\t\t\t\t\t\t<\/span>\n\t\t\t\t\t<\/h3>\n\t\t\t\t\n\t\t\t\t\t\t\t\t\t<p class=\"elementor-icon-box-description\">\n\t\t\t\t\t\tC. del Actor Luis Prendes, 4, 03502, Benidorm, Espa\u00f1a\t\t\t\t\t<\/p>\n\t\t\t\t\n\t\t\t<\/div>\n\t\t\t\n\t\t<\/div>\n\t\t\t\t\t\t<\/div>\n\t\t\t\t<div class=\"elementor-element elementor-element-9e3c8d9 elementor-hidden-desktop elementor-hidden-laptop elementor-hidden-tablet_extra elementor-hidden-tablet elementor-view-default elementor-position-block-start elementor-mobile-position-block-start elementor-widget elementor-widget-icon-box\" data-id=\"9e3c8d9\" data-element_type=\"widget\" data-widget_type=\"icon-box.default\">\n\t\t\t\t\t\t\t<div class=\"elementor-icon-box-wrapper\">\n\n\t\t\t\t\t\t<div class=\"elementor-icon-box-icon\">\n\t\t\t\t<span  class=\"elementor-icon\">\n\t\t\t\t<i aria-hidden=\"true\" class=\"cmli cmli-noun-bell\"><\/i>\t\t\t\t<\/span>\n\t\t\t<\/div>\n\t\t\t\n\t\t\t\t\t\t<div class=\"elementor-icon-box-content\">\n\n\t\t\t\t\t\t\t\t\t<h3 class=\"elementor-icon-box-title\">\n\t\t\t\t\t\t<span  >\n\t\t\t\t\t\t\tR\u00e9servations\t\t\t\t\t\t<\/span>\n\t\t\t\t\t<\/h3>\n\t\t\t\t\n\t\t\t\t\t\t\t\t\t<p class=\"elementor-icon-box-description\">\n\t\t\t\t\t\t<a href=\"tel:+34 966 81 36 12\"><strong>+34 966 81 36 12<\/strong><\/a> \/ <a href=\"tel:+34 966 81 52 00\">+34 966 81 52 00<\/a><br \/>\nE-mail: <a href=\"mailto:reservas@grupobali.com\"><strong> reservas@grupobali.com<\/strong><\/a>\t\t\t\t\t<\/p>\n\t\t\t\t\n\t\t\t<\/div>\n\t\t\t\n\t\t<\/div>\n\t\t\t\t\t\t<\/div>\n\t\t\t\t<div class=\"elementor-element elementor-element-b18bfdc elementor-hidden-desktop elementor-hidden-laptop elementor-hidden-tablet_extra elementor-hidden-tablet elementor-view-default elementor-position-block-start elementor-mobile-position-block-start elementor-widget elementor-widget-icon-box\" data-id=\"b18bfdc\" data-element_type=\"widget\" data-widget_type=\"icon-box.default\">\n\t\t\t\t\t\t\t<div class=\"elementor-icon-box-wrapper\">\n\n\t\t\t\t\t\t<div class=\"elementor-icon-box-icon\">\n\t\t\t\t<span  class=\"elementor-icon\">\n\t\t\t\t<i aria-hidden=\"true\" class=\"cmli cmli-noun-talk\"><\/i>\t\t\t\t<\/span>\n\t\t\t<\/div>\n\t\t\t\n\t\t\t\t\t\t<div class=\"elementor-icon-box-content\">\n\n\t\t\t\t\t\t\t\t\t<h3 class=\"elementor-icon-box-title\">\n\t\t\t\t\t\t<span  >\n\t\t\t\t\t\t\tR\u00e9seau Social\t\t\t\t\t\t<\/span>\n\t\t\t\t\t<\/h3>\n\t\t\t\t\n\t\t\t\t\t\t\t\t\t<p class=\"elementor-icon-box-description\">\n\t\t\t\t\t\tRestez en contact et suivez-nous sur les r\u00e9seaux sociaux\t\t\t\t\t<\/p>\n\t\t\t\t\n\t\t\t<\/div>\n\t\t\t\n\t\t<\/div>\n\t\t\t\t\t\t<\/div>\n\t\t                    <\/div>\r\n        <\/div>\r\n        \t\t\t<\/div>\n\t\t<\/section>\n\t\t        <section class=\"elementor-section elementor-top-section elementor-element elementor-element-57ac279c elementor-section-boxed elementor-section-height-default elementor-section-height-default pxl-section-static-pos-no pxl-section-overflow-hidden-no pxl-container-margin-auto-no\" data-id=\"57ac279c\" data-element_type=\"section\" data-settings=\"{&quot;background_background&quot;:&quot;classic&quot;}\">\n\n                \n                <div class=\"elementor-container elementor-column-gap-default \">\n                <div class=\"elementor-column elementor-col-100 elementor-top-column elementor-element elementor-element-1f892cd col-offset-none pxl-column-element-default pxl-column-overflow-hidden-no elementor-invisible pxl-elementor-animate\" data-id=\"1f892cd\" data-element_type=\"column\" data-settings=\"{&quot;animation&quot;:&quot;fadeInUp&quot;}\">\r\n        <div class=\"elementor-widget-wrap elementor-element-populated\">\r\n                    \t\t<div class=\"elementor-element elementor-element-4b5dd686 elementor-widget elementor-widget-pxl_heading\" data-id=\"4b5dd686\" data-element_type=\"widget\" data-settings=\"{&quot;title_custom_effect&quot;:&quot;none&quot;}\" data-widget_type=\"pxl_heading.default\">\n\t\t\t\t<div class=\"elementor-widget-container\">\n\t\t\t\t\t<div class=\"pxl-heading-wrap d-flex\">\n    <div class=\"pxl-heading-inner center \">\n                <h2 class=\"heading-title\">\n                                    Avez-vous des demandes ou des questions ?                     <\/h2>\n            <\/div>\n<\/div>\n\n\t\t\t\t<\/div>\n\t\t\t\t<\/div>\n\t\t\t\t<div class=\"elementor-element elementor-element-243ca19d elementor-widget elementor-widget-pxl_contact_form\" data-id=\"243ca19d\" data-element_type=\"widget\" data-widget_type=\"pxl_contact_form.default\">\n\t\t\t\t<div class=\"elementor-widget-container\">\n\t\t\t\t\t<div class=\"pxl-cf7-wrap relative \">\r\n    \n<div class=\"wpcf7 no-js\" id=\"wpcf7-f23115-o1\" lang=\"fr-FR\" dir=\"ltr\" data-wpcf7-id=\"23115\">\n<div class=\"screen-reader-response\"><p role=\"status\" aria-live=\"polite\" aria-atomic=\"true\"><\/p> <ul><\/ul><\/div>\n<form action=\"\/fr\/wp-json\/wp\/v2\/pages\/23123\/#wpcf7-f23115-o1\" method=\"post\" class=\"wpcf7-form init\" aria-label=\"Formulaire de contact\" novalidate=\"novalidate\" data-status=\"init\">\n<fieldset class=\"hidden-fields-container\"><input type=\"hidden\" name=\"_wpcf7\" value=\"23115\" \/><input type=\"hidden\" name=\"_wpcf7_version\" value=\"6.1.4\" \/><input type=\"hidden\" name=\"_wpcf7_locale\" value=\"fr_FR\" \/><input type=\"hidden\" name=\"_wpcf7_unit_tag\" value=\"wpcf7-f23115-o1\" \/><input type=\"hidden\" name=\"_wpcf7_container_post\" value=\"0\" \/><input type=\"hidden\" name=\"_wpcf7_posted_data_hash\" value=\"\" \/>\n<\/fieldset>\n<div class=\"contact-form-main\">\n\t<div class=\"row\">\n\t\t<div class=\"col-12 col-lg-6\">\n\t\t\t<div class=\"control-item\">\n\t\t\t\t<p><span class=\"wpcf7-form-control-wrap\" data-name=\"your-name\"><input size=\"40\" maxlength=\"400\" class=\"wpcf7-form-control wpcf7-text wpcf7-validates-as-required\" aria-required=\"true\" aria-invalid=\"false\" placeholder=\"Nom*\" value=\"\" type=\"text\" name=\"your-name\" \/><\/span>\n\t\t\t\t<\/p>\n\t\t\t<\/div>\n\t\t\t<div class=\"control-item\">\n\t\t\t\t<p><span class=\"wpcf7-form-control-wrap\" data-name=\"your-email\"><input size=\"40\" maxlength=\"400\" class=\"wpcf7-form-control wpcf7-email wpcf7-validates-as-required wpcf7-text wpcf7-validates-as-email\" aria-required=\"true\" aria-invalid=\"false\" placeholder=\"Email*\" value=\"\" type=\"email\" name=\"your-email\" \/><\/span>\n\t\t\t\t<\/p>\n\t\t\t<\/div>\n\t\t\t<div class=\"control-item\">\n\t\t\t\t<p><span class=\"wpcf7-form-control-wrap\" data-name=\"phone-number\"><input size=\"40\" maxlength=\"400\" class=\"wpcf7-form-control wpcf7-text wpcf7-validates-as-required\" aria-required=\"true\" aria-invalid=\"false\" placeholder=\"T\u00e9l\u00e9phone*\" value=\"\" type=\"text\" name=\"phone-number\" \/><\/span>\n\t\t\t\t<\/p>\n\t\t\t<\/div>\n\t\t\t<div class=\"control-item\">\n\t\t\t\t<div class=\"form-check form-check-inline\">\n\t\t\t\t\t<p><input class=\"form-check-input\" type=\"checkbox\" id=\"inlineCheckbox1\" value=\"option1\" \/><label class=\"form-check-label\" for=\"inlineCheckbox1\">J'ai lu et j'accepte la <a href=\"https:\/\/www.granhotelbali.com\/wp-content\/uploads\/2025\/10\/politica-privacidad.pdf\" target=\"_blank\">politique de confidentialit\u00e9<\/a><\/label>\n\t\t\t\t\t<\/p>\n\t\t\t\t<\/div>\n\t\t\t<\/div>\n\t\t<\/div>\n\t\t<div class=\"col-12 col-lg-6\">\n\t\t\t<div class=\"control-item\">\n\t\t\t\t<p><span class=\"wpcf7-form-control-wrap\" data-name=\"your-message\"><textarea cols=\"40\" rows=\"10\" maxlength=\"2000\" class=\"wpcf7-form-control wpcf7-textarea wpcf7-validates-as-required\" aria-required=\"true\" aria-invalid=\"false\" placeholder=\"Message*\" name=\"your-message\"><\/textarea><\/span>\n\t\t\t\t<\/p>\n\t\t\t<\/div>\n\t\t\t<div class=\"control-item btn-form\">\n\t\t\t\t<p><button class=\"pxl-btn\" type=\"submit\">ENVOYER<\/button>\n\t\t\t\t<\/p>\n\t\t\t<\/div>\n\t\t<\/div>\n\t<\/div>\n<\/div><input type='hidden' class='wpcf7-pum' value='{\"closepopup\":false,\"closedelay\":0,\"openpopup\":false,\"openpopup_id\":0}' \/><div class=\"wpcf7-response-output\" aria-hidden=\"true\"><\/div>\n<\/form>\n<\/div>\n \r\n<\/div>\t\t\t\t<\/div>\n\t\t\t\t<\/div>\n\t\t                    <\/div>\r\n        <\/div>\r\n        \t\t\t<\/div>\n\t\t<\/section>\n\t\t\t\t<\/div>\n\t\t","protected":false},"excerpt":{"rendered":"<p>Avez-vous des questions ? Contactez-nous Nous nous ferons un plaisir de vous r\u00e9pondre dans les plus brefs d\u00e9lais. Nous nous engageons \u00e0 vous offrir le meilleur service possible, c\u2019est pourquoi nous mettons \u00e0 votre disposition diff\u00e9rents canaux de communication pour que vous puissiez choisir celui qui correspond le mieux \u00e0 vos besoins. Si vous avez [&hellip;]<\/p>\n","protected":false},"author":1,"featured_media":0,"parent":0,"menu_order":0,"comment_status":"closed","ping_status":"closed","template":"","meta":{"footnotes":""},"class_list":["post-23123","page","type-page","status-publish","hentry"],"yoast_head":"<!-- This site is optimized with the Yoast SEO plugin v26.8 - https:\/\/yoast.com\/product\/yoast-seo-wordpress\/ -->\n<title>Contactez-nous | Gran Hotel Bali, Benidorm<\/title>\n<meta name=\"description\" content=\"Donn\u00e9es de contact de Gran Hotel Bali \u00e0 Benidorm. Site officiel.\" \/>\n<meta name=\"robots\" content=\"index, follow, max-snippet:-1, max-image-preview:large, max-video-preview:-1\" \/>\n<link rel=\"canonical\" href=\"https:\/\/www.granhotelbali.com\/fr\/contact\/\" \/>\n<meta property=\"og:locale\" content=\"fr_FR\" \/>\n<meta property=\"og:type\" content=\"article\" \/>\n<meta property=\"og:title\" content=\"Contactez-nous | Gran Hotel Bali, Benidorm\" \/>\n<meta property=\"og:description\" content=\"Donn\u00e9es de contact de Gran Hotel Bali \u00e0 Benidorm. Site officiel.\" \/>\n<meta property=\"og:url\" content=\"https:\/\/www.granhotelbali.com\/fr\/contact\/\" \/>\n<meta property=\"og:site_name\" content=\"Hotel Benidorm 4 estrellas | Hotel Bali Benidorm\" \/>\n<meta property=\"article:publisher\" content=\"https:\/\/www.facebook.com\/granhotelbali\" \/>\n<meta property=\"article:modified_time\" content=\"2026-04-08T13:07:56+00:00\" \/>\n<meta name=\"twitter:card\" content=\"summary_large_image\" \/>\n<meta name=\"twitter:site\" content=\"@granhotelbali\" \/>\n<meta name=\"twitter:label1\" content=\"Dur\u00e9e de lecture estim\u00e9e\" \/>\n\t<meta name=\"twitter:data1\" content=\"1 minute\" \/>\n<script type=\"application\/ld+json\" class=\"yoast-schema-graph\">{\"@context\":\"https:\/\/schema.org\",\"@graph\":[{\"@type\":\"WebPage\",\"@id\":\"https:\/\/www.granhotelbali.com\/fr\/contact\/\",\"url\":\"https:\/\/www.granhotelbali.com\/fr\/contact\/\",\"name\":\"Contactez-nous | Gran Hotel Bali, Benidorm\",\"isPartOf\":{\"@id\":\"https:\/\/www.granhotelbali.com\/fr\/#website\"},\"datePublished\":\"2025-10-28T14:33:35+00:00\",\"dateModified\":\"2026-04-08T13:07:56+00:00\",\"description\":\"Donn\u00e9es de contact de Gran Hotel Bali \u00e0 Benidorm. Site officiel.\",\"breadcrumb\":{\"@id\":\"https:\/\/www.granhotelbali.com\/fr\/contact\/#breadcrumb\"},\"inLanguage\":\"fr-FR\",\"potentialAction\":[{\"@type\":\"ReadAction\",\"target\":[\"https:\/\/www.granhotelbali.com\/fr\/contact\/\"]}]},{\"@type\":\"BreadcrumbList\",\"@id\":\"https:\/\/www.granhotelbali.com\/fr\/contact\/#breadcrumb\",\"itemListElement\":[{\"@type\":\"ListItem\",\"position\":1,\"name\":\"Portada\",\"item\":\"https:\/\/www.granhotelbali.com\/fr\/\"},{\"@type\":\"ListItem\",\"position\":2,\"name\":\"Contact\"}]},{\"@type\":\"WebSite\",\"@id\":\"https:\/\/www.granhotelbali.com\/fr\/#website\",\"url\":\"https:\/\/www.granhotelbali.com\/fr\/\",\"name\":\"Hotel Benidorm 4 estrellas | Hotel Bali Benidorm\",\"description\":\"Hotel Benidorm 4 estrellas. Disfruta de una experiencia \u00fanica en el hotel m\u00e1s alto de Europa, el Hotel Bali Benidorm, con impresionantes vistas y servicios\",\"publisher\":{\"@id\":\"https:\/\/www.granhotelbali.com\/fr\/#organization\"},\"potentialAction\":[{\"@type\":\"SearchAction\",\"target\":{\"@type\":\"EntryPoint\",\"urlTemplate\":\"https:\/\/www.granhotelbali.com\/fr\/?s={search_term_string}\"},\"query-input\":{\"@type\":\"PropertyValueSpecification\",\"valueRequired\":true,\"valueName\":\"search_term_string\"}}],\"inLanguage\":\"fr-FR\"},{\"@type\":\"Organization\",\"@id\":\"https:\/\/www.granhotelbali.com\/fr\/#organization\",\"name\":\"Hotel Benidorm 4 estrellas | Hotel Bali Benidorm\",\"url\":\"https:\/\/www.granhotelbali.com\/fr\/\",\"logo\":{\"@type\":\"ImageObject\",\"inLanguage\":\"fr-FR\",\"@id\":\"https:\/\/www.granhotelbali.com\/fr\/#\/schema\/logo\/image\/\",\"url\":\"https:\/\/www.granhotelbali.com\/wp-content\/uploads\/2026\/01\/Logo-azul.png\",\"contentUrl\":\"https:\/\/www.granhotelbali.com\/wp-content\/uploads\/2026\/01\/Logo-azul.png\",\"width\":145,\"height\":56,\"caption\":\"Hotel Benidorm 4 estrellas | Hotel Bali Benidorm\"},\"image\":{\"@id\":\"https:\/\/www.granhotelbali.com\/fr\/#\/schema\/logo\/image\/\"},\"sameAs\":[\"https:\/\/www.facebook.com\/granhotelbali\",\"https:\/\/x.com\/granhotelbali\",\"https:\/\/www.youtube.com\/channel\/UC93u51w-VW12wRIWPMlIKHA\",\"https:\/\/www.instagram.com\/granhotelbalibenidorm\/?hl=es\"]}]}<\/script>\n<!-- \/ Yoast SEO plugin. -->","yoast_head_json":{"title":"Contactez-nous | Gran Hotel Bali, Benidorm","description":"Donn\u00e9es de contact de Gran Hotel Bali \u00e0 Benidorm. Site officiel.","robots":{"index":"index","follow":"follow","max-snippet":"max-snippet:-1","max-image-preview":"max-image-preview:large","max-video-preview":"max-video-preview:-1"},"canonical":"https:\/\/www.granhotelbali.com\/fr\/contact\/","og_locale":"fr_FR","og_type":"article","og_title":"Contactez-nous | Gran Hotel Bali, Benidorm","og_description":"Donn\u00e9es de contact de Gran Hotel Bali \u00e0 Benidorm. Site officiel.","og_url":"https:\/\/www.granhotelbali.com\/fr\/contact\/","og_site_name":"Hotel Benidorm 4 estrellas | Hotel Bali Benidorm","article_publisher":"https:\/\/www.facebook.com\/granhotelbali","article_modified_time":"2026-04-08T13:07:56+00:00","twitter_card":"summary_large_image","twitter_site":"@granhotelbali","twitter_misc":{"Dur\u00e9e de lecture estim\u00e9e":"1 minute"},"schema":{"@context":"https:\/\/schema.org","@graph":[{"@type":"WebPage","@id":"https:\/\/www.granhotelbali.com\/fr\/contact\/","url":"https:\/\/www.granhotelbali.com\/fr\/contact\/","name":"Contactez-nous | Gran Hotel Bali, Benidorm","isPartOf":{"@id":"https:\/\/www.granhotelbali.com\/fr\/#website"},"datePublished":"2025-10-28T14:33:35+00:00","dateModified":"2026-04-08T13:07:56+00:00","description":"Donn\u00e9es de contact de Gran Hotel Bali \u00e0 Benidorm. Site officiel.","breadcrumb":{"@id":"https:\/\/www.granhotelbali.com\/fr\/contact\/#breadcrumb"},"inLanguage":"fr-FR","potentialAction":[{"@type":"ReadAction","target":["https:\/\/www.granhotelbali.com\/fr\/contact\/"]}]},{"@type":"BreadcrumbList","@id":"https:\/\/www.granhotelbali.com\/fr\/contact\/#breadcrumb","itemListElement":[{"@type":"ListItem","position":1,"name":"Portada","item":"https:\/\/www.granhotelbali.com\/fr\/"},{"@type":"ListItem","position":2,"name":"Contact"}]},{"@type":"WebSite","@id":"https:\/\/www.granhotelbali.com\/fr\/#website","url":"https:\/\/www.granhotelbali.com\/fr\/","name":"Hotel Benidorm 4 estrellas | Hotel Bali Benidorm","description":"Hotel Benidorm 4 estrellas. Disfruta de una experiencia \u00fanica en el hotel m\u00e1s alto de Europa, el Hotel Bali Benidorm, con impresionantes vistas y servicios","publisher":{"@id":"https:\/\/www.granhotelbali.com\/fr\/#organization"},"potentialAction":[{"@type":"SearchAction","target":{"@type":"EntryPoint","urlTemplate":"https:\/\/www.granhotelbali.com\/fr\/?s={search_term_string}"},"query-input":{"@type":"PropertyValueSpecification","valueRequired":true,"valueName":"search_term_string"}}],"inLanguage":"fr-FR"},{"@type":"Organization","@id":"https:\/\/www.granhotelbali.com\/fr\/#organization","name":"Hotel Benidorm 4 estrellas | Hotel Bali Benidorm","url":"https:\/\/www.granhotelbali.com\/fr\/","logo":{"@type":"ImageObject","inLanguage":"fr-FR","@id":"https:\/\/www.granhotelbali.com\/fr\/#\/schema\/logo\/image\/","url":"https:\/\/www.granhotelbali.com\/wp-content\/uploads\/2026\/01\/Logo-azul.png","contentUrl":"https:\/\/www.granhotelbali.com\/wp-content\/uploads\/2026\/01\/Logo-azul.png","width":145,"height":56,"caption":"Hotel Benidorm 4 estrellas | Hotel Bali Benidorm"},"image":{"@id":"https:\/\/www.granhotelbali.com\/fr\/#\/schema\/logo\/image\/"},"sameAs":["https:\/\/www.facebook.com\/granhotelbali","https:\/\/x.com\/granhotelbali","https:\/\/www.youtube.com\/channel\/UC93u51w-VW12wRIWPMlIKHA","https:\/\/www.instagram.com\/granhotelbalibenidorm\/?hl=es"]}]}},"_links":{"self":[{"href":"https:\/\/www.granhotelbali.com\/fr\/wp-json\/wp\/v2\/pages\/23123","targetHints":{"allow":["GET"]}}],"collection":[{"href":"https:\/\/www.granhotelbali.com\/fr\/wp-json\/wp\/v2\/pages"}],"about":[{"href":"https:\/\/www.granhotelbali.com\/fr\/wp-json\/wp\/v2\/types\/page"}],"author":[{"embeddable":true,"href":"https:\/\/www.granhotelbali.com\/fr\/wp-json\/wp\/v2\/users\/1"}],"replies":[{"embeddable":true,"href":"https:\/\/www.granhotelbali.com\/fr\/wp-json\/wp\/v2\/comments?post=23123"}],"version-history":[{"count":30,"href":"https:\/\/www.granhotelbali.com\/fr\/wp-json\/wp\/v2\/pages\/23123\/revisions"}],"predecessor-version":[{"id":25697,"href":"https:\/\/www.granhotelbali.com\/fr\/wp-json\/wp\/v2\/pages\/23123\/revisions\/25697"}],"wp:attachment":[{"href":"https:\/\/www.granhotelbali.com\/fr\/wp-json\/wp\/v2\/media?parent=23123"}],"curies":[{"name":"wp","href":"https:\/\/api.w.org\/{rel}","templated":true}]}}